{"id":119249,"date":"2024-05-10T09:15:03","date_gmt":"2024-05-10T08:15:03","guid":{"rendered":"https:\/\/weltreporter.net\/?post_type=arbeitsprobe&#038;p=119249"},"modified":"2024-05-10T09:15:03","modified_gmt":"2024-05-10T08:15:03","slug":"kalenderblatt-suedafrika-als-nelson-mandela-praesident-wurde","status":"publish","type":"arbeitsprobe","link":"https:\/\/weltreporter.net\/en\/arbeitsprobe\/kalenderblatt-suedafrika-als-nelson-mandela-praesident-wurde\/","title":{"rendered":"Kalenderblatt S\u00fcdafrika: Als Nelson Mandela Pr\u00e4sident wurde"},"content":{"rendered":"<p>Nach der ersten demokratischen Wahl in S\u00fcdafrika wird Nelson Mandela 1994 als Pr\u00e4sident vereidigt. Er tritt an, um die von jahrzehntelanger Apartheid gespaltene Nation zu vers\u00f6hnen und einen gerechten Staat aufzubauen.<\/p>\n<p>Von Leonie March, Deutschlandfunk Kalenderblatt vom 10.5.2024<\/p>\n","protected":false},"author":64,"featured_media":0,"template":"","meta":{"_acf_changed":false,"inline_featured_image":false,"_links_to":"","_links_to_target":""},"tags":[],"kategorie":[],"class_list":["post-119249","arbeitsprobe","type-arbeitsprobe","status-publish","hentry"],"acf":[],"_links":{"self":[{"href":"https:\/\/weltreporter.net\/en\/wp-json\/wp\/v2\/arbeitsprobe\/119249","targetHints":{"allow":["GET"]}}],"collection":[{"href":"https:\/\/weltreporter.net\/en\/wp-json\/wp\/v2\/arbeitsprobe"}],"about":[{"href":"https:\/\/weltreporter.net\/en\/wp-json\/wp\/v2\/types\/arbeitsprobe"}],"author":[{"embeddable":true,"href":"https:\/\/weltreporter.net\/en\/wp-json\/wp\/v2\/users\/64"}],"wp:attachment":[{"href":"https:\/\/weltreporter.net\/en\/wp-json\/wp\/v2\/media?parent=119249"}],"wp:term":[{"taxonomy":"post_tag","embeddable":true,"href":"https:\/\/weltreporter.net\/en\/wp-json\/wp\/v2\/tags?post=119249"},{"taxonomy":"kategorie","embeddable":true,"href":"https:\/\/weltreporter.net\/en\/wp-json\/wp\/v2\/kategorie?post=119249"}],"curies":[{"name":"wp","href":"https:\/\/api.w.org\/{rel}","templated":true}]}}